{"id":98,"date":"2021-10-27T12:16:46","date_gmt":"2021-10-27T10:16:46","guid":{"rendered":"http:\/\/congrescadres2022.fr\/?page_id=98"},"modified":"2021-10-27T12:16:46","modified_gmt":"2021-10-27T10:16:46","slug":"infos-pratiques","status":"publish","type":"page","link":"https:\/\/congrescadrescfdt.fr\/index.php\/infos-pratiques\/","title":{"rendered":"Infos pratiques"},"content":{"rendered":"<p>[et_pb_section fb_built=\u00a0\u00bb1&Prime; fullwidth=\u00a0\u00bbon\u00a0\u00bb _builder_version=\u00a0\u00bb4.13.1&Prime; _module_preset=\u00a0\u00bbdefault\u00a0\u00bb custom_margin=\u00a0\u00bb0px||0px||false|false\u00a0\u00bb custom_padding=\u00a0\u00bb0px||0px||false|false\u00a0\u00bb global_colors_info=\u00a0\u00bb{}\u00a0\u00bb][et_pb_fullwidth_image src=\u00a0\u00bbhttps:\/\/congrescadres2022.fr\/wp-content\/uploads\/2021\/11\/bando-infos-pratiques-01.png\u00a0\u00bb alt=\u00a0\u00bbBando infos pratiques congres 2022 CFDT Cadres\u00a0\u00bb title_text=\u00a0\u00bbbando infos pratiques-01&Prime; _builder_version=\u00a0\u00bb4.13.1&Prime; _module_preset=\u00a0\u00bbdefault\u00a0\u00bb custom_margin=\u00a0\u00bb0px||0px||false|false\u00a0\u00bb custom_padding=\u00a0\u00bb0px||0px||false|false\u00a0\u00bb global_colors_info=\u00a0\u00bb{}\u00a0\u00bb][\/et_pb_fullwidth_image][\/et_pb_section][et_pb_section fb_built=\u00a0\u00bb1&Prime; _builder_version=\u00a0\u00bb4.11.3&Prime; _module_preset=\u00a0\u00bbdefault\u00a0\u00bb global_colors_info=\u00a0\u00bb{}\u00a0\u00bb][et_pb_row column_structure=\u00a0\u00bb1_4,3_4&Prime; _builder_version=\u00a0\u00bb4.11.4&Prime; _module_preset=\u00a0\u00bbdefault\u00a0\u00bb width=\u00a0\u00bb100%\u00a0\u00bb module_alignment=\u00a0\u00bbcenter\u00a0\u00bb custom_margin=\u00a0\u00bb-86px|0px||0px|false|false\u00a0\u00bb custom_padding=\u00a0\u00bb|0px||0px|false|false\u00a0\u00bb global_colors_info=\u00a0\u00bb{}\u00a0\u00bb][et_pb_column type=\u00a0\u00bb1_4&Prime; _builder_version=\u00a0\u00bb4.11.3&Prime; _module_preset=\u00a0\u00bbdefault\u00a0\u00bb global_colors_info=\u00a0\u00bb{}\u00a0\u00bb][et_pb_image src=\u00a0\u00bbhttp:\/\/congrescadres2022.fr\/wp-content\/uploads\/2021\/10\/Web-Terrasse-FIAP-8.jpg\u00a0\u00bb alt=\u00a0\u00bbFiap Paris\u00a0\u00bb title_text=\u00a0\u00bbFiap Paris\u00a0\u00bb align=\u00a0\u00bbcenter\u00a0\u00bb _builder_version=\u00a0\u00bb4.11.3&Prime; _module_preset=\u00a0\u00bbdefault\u00a0\u00bb max_height=\u00a0\u00bb304px\u00a0\u00bb custom_margin=\u00a0\u00bb|0px|||false|false\u00a0\u00bb box_shadow_style=\u00a0\u00bbpreset3&Prime; global_colors_info=\u00a0\u00bb{}\u00a0\u00bb][\/et_pb_image][et_pb_text _builder_version=\u00a0\u00bb4.14.1&Prime; _module_preset=\u00a0\u00bbdefault\u00a0\u00bb text_font=\u00a0\u00bbGotham narrow bold||||||||\u00a0\u00bb text_text_color=\u00a0\u00bb#FFFFFF\u00a0\u00bb text_font_size=\u00a0\u00bb16px\u00a0\u00bb link_font=\u00a0\u00bbGotham narrow bold||||||||\u00a0\u00bb link_text_color=\u00a0\u00bb#FFFFFF\u00a0\u00bb background_color=\u00a0\u00bb#7A2671&Prime; custom_margin=\u00a0\u00bb|||0px|false|false\u00a0\u00bb text_font_size_tablet=\u00a0\u00bb16px\u00a0\u00bb text_font_size_phone=\u00a0\u00bb16px\u00a0\u00bb text_font_size_last_edited=\u00a0\u00bbon|tablet\u00a0\u00bb border_width_bottom=\u00a0\u00bb1px\u00a0\u00bb border_color_bottom=\u00a0\u00bb#FFFFFF\u00a0\u00bb global_colors_info=\u00a0\u00bb{}\u00a0\u00bb text_text_color__hover_enabled=\u00a0\u00bbon|hover\u00a0\u00bb text_text_color__hover=\u00a0\u00bb#FFFFFF\u00a0\u00bb link_text_color__hover_enabled=\u00a0\u00bbon|desktop\u00a0\u00bb link_text_color__hover=\u00a0\u00bb#E7591C\u00a0\u00bb]<\/p>\n<table style=\"border-collapse: collapse; width: 100%;\" border=\"1\">\n<tbody>\n<tr>\n<td style=\"width: 100%;\"><a href=\"#ordre-du-jour\" title=\"Ordre du jour congr\u00e8s\">Ordre du jour congr\u00e8s<\/a><\/td>\n<\/tr>\n<tr>\n<td style=\"width: 100%;\"><a href=\"#reglementinterieur\">R\u00e8glement int\u00e9rieur<\/a><\/td>\n<\/tr>\n<tr>\n<td style=\"width: 100%;\"><a href=\"#lieu\">Lieu<\/a><\/td>\n<\/tr>\n<tr>\n<td style=\"width: 100%;\"><a href=\"#accesettransport\">Acc\u00e8s et transport<\/a><\/td>\n<\/tr>\n<tr>\n<td style=\"width: 100%;\"><a href=\"#hebergement\">H\u00e9bergement<\/a><\/td>\n<\/tr>\n<tr>\n<td style=\"width: 100%;\"><a href=\"#ndf\">Note de frais<\/a><\/td>\n<\/tr>\n<tr>\n<td style=\"width: 100%;\"><a href=\"#contact\">Contact<\/a><\/td>\n<\/tr>\n<\/tbody>\n<\/table>\n<p>[\/et_pb_text][\/et_pb_column][et_pb_column type=\u00a0\u00bb3_4&Prime; _builder_version=\u00a0\u00bb4.11.3&Prime; _module_preset=\u00a0\u00bbdefault\u00a0\u00bb global_colors_info=\u00a0\u00bb{}\u00a0\u00bb][et_pb_text _builder_version=\u00a0\u00bb4.11.4&Prime; _module_preset=\u00a0\u00bbdefault\u00a0\u00bb text_font=\u00a0\u00bbArial||||||||\u00a0\u00bb text_text_color=\u00a0\u00bb#E7591C\u00a0\u00bb header_font=\u00a0\u00bbArial|700|||||||\u00a0\u00bb header_text_align=\u00a0\u00bbleft\u00a0\u00bb header_text_color=\u00a0\u00bb#E7591C\u00a0\u00bb custom_margin=\u00a0\u00bb|||20px|false|false\u00a0\u00bb global_colors_info=\u00a0\u00bb{}\u00a0\u00bb]<\/p>\n<h1>Infos pratiques<\/h1>\n<p>[\/et_pb_text][et_pb_text _builder_version=\u00a0\u00bb4.14.1&Prime; _module_preset=\u00a0\u00bbdefault\u00a0\u00bb text_font=\u00a0\u00bbGotham narrow bold||||||||\u00a0\u00bb text_text_color=\u00a0\u00bb#E7591C\u00a0\u00bb text_font_size=\u00a0\u00bb26px\u00a0\u00bb custom_margin=\u00a0\u00bb|20px||20px|false|false\u00a0\u00bb global_colors_info=\u00a0\u00bb{}\u00a0\u00bb]<\/p>\n<p>Le pass sanitaire est obligatoire \u00e0 l&rsquo;int\u00e9rieur du FIAP.<\/p>\n<p>[\/et_pb_text][et_pb_text module_id=\u00a0\u00bbordre-du-jour\u00a0\u00bb _builder_version=\u00a0\u00bb4.14.1&Prime; _module_preset=\u00a0\u00bbdefault\u00a0\u00bb text_font=\u00a0\u00bbGotham narrow bold||||||||\u00a0\u00bb text_text_color=\u00a0\u00bb#FFFFFF\u00a0\u00bb header_font=\u00a0\u00bbGotham narrow bold||||||||\u00a0\u00bb header_text_color=\u00a0\u00bb#FFFFFF\u00a0\u00bb header_2_font=\u00a0\u00bbArial|700|||||||\u00a0\u00bb background_layout=\u00a0\u00bbdark\u00a0\u00bb width=\u00a0\u00bb44%\u00a0\u00bb width_tablet=\u00a0\u00bb55%\u00a0\u00bb width_phone=\u00a0\u00bb70%\u00a0\u00bb width_last_edited=\u00a0\u00bbon|phone\u00a0\u00bb custom_margin=\u00a0\u00bb|||20px|false|false\u00a0\u00bb custom_padding=\u00a0\u00bb5px|||20px|false|false\u00a0\u00bb custom_css_main_element=\u00a0\u00bbbackground-color :#7a2671;\u00a0\u00bb global_colors_info=\u00a0\u00bb{}\u00a0\u00bb]<\/p>\n<h2>Ordre du jour du congr\u00e8s<\/h2>\n<p>[\/et_pb_text][et_pb_text _builder_version=\u00a0\u00bb4.14.1&Prime; _module_preset=\u00a0\u00bbdefault\u00a0\u00bb text_font=\u00a0\u00bbArial||||||||\u00a0\u00bb header_font=\u00a0\u00bbGotham narrow book italic||||||||\u00a0\u00bb custom_margin=\u00a0\u00bb|||20px|false|false\u00a0\u00bb custom_padding=\u00a0\u00bb|20px|||false|false\u00a0\u00bb global_colors_info=\u00a0\u00bb{}\u00a0\u00bb]<\/p>\n<p>L&rsquo;ordre du jour d\u00e9finitif du 16e Congr\u00e8s de la CFDT Cadres a \u00e9t\u00e9 adopt\u00e9 par le Bureau national de la CFDT Cadres<br \/>lors de sa session des 2 et 3 d\u00e9cembre 2021.<\/p>\n<p>[\/et_pb_text][et_pb_toggle title=\u00a0\u00bbT\u00e9l\u00e9charger l&rsquo;ordre du jour du congr\u00e8s\u00a0\u00bb open_toggle_background_color=\u00a0\u00bb#E7591C\u00a0\u00bb closed_toggle_background_color=\u00a0\u00bb#E7591C\u00a0\u00bb _builder_version=\u00a0\u00bb4.14.1&Prime; _module_preset=\u00a0\u00bbdefault\u00a0\u00bb title_text_color=\u00a0\u00bb#FFFFFF\u00a0\u00bb title_font=\u00a0\u00bbGotham narrow bold||||||||\u00a0\u00bb width=\u00a0\u00bb46%\u00a0\u00bb custom_margin=\u00a0\u00bb|||20px|false|false\u00a0\u00bb custom_padding=\u00a0\u00bb5px||5px||false|false\u00a0\u00bb link_option_url=\u00a0\u00bbhttps:\/\/congrescadres2022.fr\/wp-content\/uploads\/2022\/01\/projet-ordre-du-jour-du-congres-janvier-2022-version-janvier-22-002.pdf\u00a0\u00bb link_option_url_new_window=\u00a0\u00bbon\u00a0\u00bb hover_enabled=\u00a0\u00bb0&Prime; global_colors_info=\u00a0\u00bb{}\u00a0\u00bb sticky_enabled=\u00a0\u00bb0&Prime;]<\/p>\n<p><a href=\"http:\/\/congrescadres2022.fr\/reglement-interieur-16e-congres-cfdt-cadres-valide-bn-du-30092021\/\" rel=\"attachment wp-att-222\"><\/a><\/p>\n<p>[\/et_pb_toggle][et_pb_text module_id=\u00a0\u00bbreglementinterieur\u00a0\u00bb _builder_version=\u00a0\u00bb4.11.4&Prime; _module_preset=\u00a0\u00bbdefault\u00a0\u00bb text_font=\u00a0\u00bbGotham narrow bold||||||||\u00a0\u00bb text_text_color=\u00a0\u00bb#FFFFFF\u00a0\u00bb header_font=\u00a0\u00bbGotham narrow bold||||||||\u00a0\u00bb header_text_color=\u00a0\u00bb#FFFFFF\u00a0\u00bb header_2_font=\u00a0\u00bbArial|700|||||||\u00a0\u00bb background_layout=\u00a0\u00bbdark\u00a0\u00bb width=\u00a0\u00bb53%\u00a0\u00bb width_tablet=\u00a0\u00bb55%\u00a0\u00bb width_phone=\u00a0\u00bb70%\u00a0\u00bb width_last_edited=\u00a0\u00bbon|phone\u00a0\u00bb custom_margin=\u00a0\u00bb|||20px|false|false\u00a0\u00bb custom_padding=\u00a0\u00bb5px|||20px|false|false\u00a0\u00bb custom_css_main_element=\u00a0\u00bbbackground-color :#7a2671;\u00a0\u00bb global_colors_info=\u00a0\u00bb{}\u00a0\u00bb]<\/p>\n<h2>R\u00e8glement int\u00e9rieur du congr\u00e8s<\/h2>\n<p>[\/et_pb_text][et_pb_text _builder_version=\u00a0\u00bb4.14.1&Prime; _module_preset=\u00a0\u00bbdefault\u00a0\u00bb text_font=\u00a0\u00bbArial||||||||\u00a0\u00bb header_font=\u00a0\u00bbGotham narrow book italic||||||||\u00a0\u00bb custom_margin=\u00a0\u00bb|||20px|false|false\u00a0\u00bb custom_padding=\u00a0\u00bb|20px|||false|false\u00a0\u00bb global_colors_info=\u00a0\u00bb{}\u00a0\u00bb]<\/p>\n<p>Le r\u00e8glement int\u00e9rieur du 16e Congr\u00e8s de la CFDT Cadres a \u00e9t\u00e9 valid\u00e9 par le Bureau national de la CFDT Cadres dans sa session 15-22 des 30 septembre et 1er octobre 2021.<\/p>\n<p>[\/et_pb_text][et_pb_toggle title=\u00a0\u00bbT\u00e9l\u00e9charger le r\u00e8glement int\u00e9rieur du congr\u00e8s\u00a0\u00bb open_toggle_background_color=\u00a0\u00bb#E7591C\u00a0\u00bb closed_toggle_background_color=\u00a0\u00bb#E7591C\u00a0\u00bb _builder_version=\u00a0\u00bb4.14.1&Prime; _module_preset=\u00a0\u00bbdefault\u00a0\u00bb title_text_color=\u00a0\u00bb#FFFFFF\u00a0\u00bb title_font=\u00a0\u00bbGotham narrow bold||||||||\u00a0\u00bb width=\u00a0\u00bb54%\u00a0\u00bb custom_margin=\u00a0\u00bb|||20px|false|false\u00a0\u00bb custom_padding=\u00a0\u00bb5px||5px||false|false\u00a0\u00bb link_option_url=\u00a0\u00bbhttps:\/\/congrescadres2022.fr\/wp-content\/uploads\/2021\/12\/Reglement-interieur-16e-congres-CFDT-Cadres-valide-BN-du-30092021.pdf\u00a0\u00bb link_option_url_new_window=\u00a0\u00bbon\u00a0\u00bb global_colors_info=\u00a0\u00bb{}\u00a0\u00bb]<\/p>\n<p><a href=\"http:\/\/congrescadres2022.fr\/reglement-interieur-16e-congres-cfdt-cadres-valide-bn-du-30092021\/\" rel=\"attachment wp-att-222\"><\/a><\/p>\n<p>[\/et_pb_toggle][et_pb_text module_id=\u00a0\u00bblieu\u00a0\u00bb _builder_version=\u00a0\u00bb4.14.1&Prime; _module_preset=\u00a0\u00bbdefault\u00a0\u00bb text_font=\u00a0\u00bbGotham narrow bold||||||||\u00a0\u00bb text_text_color=\u00a0\u00bb#FFFFFF\u00a0\u00bb header_font=\u00a0\u00bbGotham narrow bold||||||||\u00a0\u00bb header_text_color=\u00a0\u00bb#FFFFFF\u00a0\u00bb header_2_font=\u00a0\u00bbArial|700|||||||\u00a0\u00bb background_layout=\u00a0\u00bbdark\u00a0\u00bb width=\u00a0\u00bb12%\u00a0\u00bb width_tablet=\u00a0\u00bb21%\u00a0\u00bb width_phone=\u00a0\u00bb181px\u00a0\u00bb width_last_edited=\u00a0\u00bbon|phone\u00a0\u00bb custom_margin=\u00a0\u00bb|||20px|false|false\u00a0\u00bb custom_padding=\u00a0\u00bb5px|||20px|false|false\u00a0\u00bb custom_css_main_element=\u00a0\u00bbbackground-color :#7a2671;\u00a0\u00bb global_colors_info=\u00a0\u00bb{}\u00a0\u00bb]<\/p>\n<h2>Lieu<\/h2>\n<p>[\/et_pb_text][et_pb_text _builder_version=\u00a0\u00bb4.14.1&Prime; _module_preset=\u00a0\u00bbdefault\u00a0\u00bb text_font=\u00a0\u00bbGotham narrow bold||||||||\u00a0\u00bb text_text_color=\u00a0\u00bb#E7591C\u00a0\u00bb text_font_size=\u00a0\u00bb26px\u00a0\u00bb custom_margin=\u00a0\u00bb|20px||20px|false|false\u00a0\u00bb global_colors_info=\u00a0\u00bb{}\u00a0\u00bb]<\/p>\n<p>Le pass sanitaire est obligatoire \u00e0 l&rsquo;int\u00e9rieur du FIAP.<\/p>\n<p>[\/et_pb_text][et_pb_gallery gallery_ids=\u00a0\u00bb185,186,187&Prime; posts_number=\u00a0\u00bb3&Prime; show_title_and_caption=\u00a0\u00bboff\u00a0\u00bb show_pagination=\u00a0\u00bboff\u00a0\u00bb zoom_icon_color=\u00a0\u00bb#7A2671&Prime; hover_overlay_color=\u00a0\u00bbRGBA(0,0,0,0)\u00a0\u00bb _builder_version=\u00a0\u00bb4.13.1&Prime; _module_preset=\u00a0\u00bbdefault\u00a0\u00bb custom_margin=\u00a0\u00bb|20px|0px|20px|false|false\u00a0\u00bb custom_margin_tablet=\u00a0\u00bb|20px|0px|20px|false|false\u00a0\u00bb custom_margin_phone=\u00a0\u00bb|20px|0px|20px|false|false\u00a0\u00bb custom_margin_last_edited=\u00a0\u00bbon|phone\u00a0\u00bb custom_padding=\u00a0\u00bb||0px||false|false\u00a0\u00bb global_colors_info=\u00a0\u00bb{}\u00a0\u00bb][\/et_pb_gallery][et_pb_text _builder_version=\u00a0\u00bb4.14.1&Prime; _module_preset=\u00a0\u00bbdefault\u00a0\u00bb custom_margin=\u00a0\u00bb|||20px|false|false\u00a0\u00bb global_colors_info=\u00a0\u00bb{}\u00a0\u00bb]<span style=\"color: #e7591c;\">[Les 12 &amp; 13 janvier 2022]<\/span><\/p>\n<h3>Le FIAP Paris<\/h3>\n<p><em>Association Loi 1901 FIAP Jean Monnet<\/em><\/p>\n<p>30 Rue Cabanis<br \/>\n75014 PARIS<br \/>\n+33 (0)1 43 13 17 00[\/et_pb_text][et_pb_text _builder_version=\u00a0\u00bb4.14.1&Prime; _module_preset=\u00a0\u00bbdefault\u00a0\u00bb custom_margin=\u00a0\u00bb||10px|20px|false|false\u00a0\u00bb custom_padding=\u00a0\u00bb||0px||false|false\u00a0\u00bb global_colors_info=\u00a0\u00bb{}\u00a0\u00bb]<\/p>\n<h3>Plan de l&rsquo;int\u00e9rieur du FIAP Paris<\/h3>\n<p>[\/et_pb_text][et_pb_toggle title=\u00a0\u00bbT\u00e9l\u00e9charger le plan de l&rsquo;int\u00e9rieur du FIAP Paris\u00a0\u00bb open_toggle_background_color=\u00a0\u00bb#E7591C\u00a0\u00bb closed_toggle_background_color=\u00a0\u00bb#E7591C\u00a0\u00bb _builder_version=\u00a0\u00bb4.14.1&Prime; _module_preset=\u00a0\u00bbdefault\u00a0\u00bb title_text_color=\u00a0\u00bb#FFFFFF\u00a0\u00bb title_font=\u00a0\u00bbGotham narrow bold||||||||\u00a0\u00bb width=\u00a0\u00bb54%\u00a0\u00bb custom_margin=\u00a0\u00bb|||20px|false|false\u00a0\u00bb custom_padding=\u00a0\u00bb5px||5px||false|false\u00a0\u00bb link_option_url=\u00a0\u00bbhttps:\/\/congrescadres2022.fr\/wp-content\/uploads\/2021\/12\/Plan-du-FIAP-Paris.pdf\u00a0\u00bb link_option_url_new_window=\u00a0\u00bbon\u00a0\u00bb global_colors_info=\u00a0\u00bb{}\u00a0\u00bb]<\/p>\n<p><a href=\"http:\/\/congrescadres2022.fr\/reglement-interieur-16e-congres-cfdt-cadres-valide-bn-du-30092021\/\" rel=\"attachment wp-att-222\"><\/a><\/p>\n<p>[\/et_pb_toggle][et_pb_image src=\u00a0\u00bbhttps:\/\/congrescadres2022.fr\/wp-content\/uploads\/2021\/12\/Plan-du-FIAP-Paris-1.png\u00a0\u00bb alt=\u00a0\u00bbPlan int\u00e9rieur du FIAP Paris\u00a0\u00bb title_text=\u00a0\u00bbPlan int\u00e9rieur du FIAP Paris\u00a0\u00bb _builder_version=\u00a0\u00bb4.14.1&Prime; _module_preset=\u00a0\u00bbdefault\u00a0\u00bb max_height=\u00a0\u00bb633px\u00a0\u00bb custom_margin=\u00a0\u00bb|||20px|false|false\u00a0\u00bb global_colors_info=\u00a0\u00bb{}\u00a0\u00bb][\/et_pb_image][et_pb_text _builder_version=\u00a0\u00bb4.14.1&Prime; _module_preset=\u00a0\u00bbdefault\u00a0\u00bb custom_margin=\u00a0\u00bb0px||10px|20px|false|false\u00a0\u00bb custom_padding=\u00a0\u00bb0px||0px||false|false\u00a0\u00bb global_colors_info=\u00a0\u00bb{}\u00a0\u00bb]<\/p>\n<h3>Plan du quartier autour du FIAP Paris<\/h3>\n<p>[\/et_pb_text][et_pb_code _builder_version=\u00a0\u00bb4.11.4&Prime; _module_preset=\u00a0\u00bbdefault\u00a0\u00bb custom_margin=\u00a0\u00bb|||20px|false|false\u00a0\u00bb global_colors_info=\u00a0\u00bb{}\u00a0\u00bb]<iframe src=\"https:\/\/www.google.com\/maps\/embed?pb=!1m18!1m12!1m3!1d2626.454471557981!2d2.3358815158810637!3d48.830469310626015!2m3!1f0!2f0!3f0!3m2!1i1024!2i768!4f13.1!3m3!1m2!1s0x47e671bc17c61afb%3A0x189e78ebb0a8e7b4!2sFIAP%20Paris!5e0!3m2!1sfr!2sfr!4v1635498668615!5m2!1sfr!2sfr\" width=\"600\" height=\"450\" style=\"border:0;\" allowfullscreen=\"\" loading=\"lazy\"><\/iframe>[\/et_pb_code][et_pb_text module_id=\u00a0\u00bbaccesettransport\u00a0\u00bb _builder_version=\u00a0\u00bb4.11.4&Prime; _module_preset=\u00a0\u00bbdefault\u00a0\u00bb text_font=\u00a0\u00bbGotham narrow bold||||||||\u00a0\u00bb text_text_color=\u00a0\u00bb#FFFFFF\u00a0\u00bb header_font=\u00a0\u00bbGotham narrow bold||||||||\u00a0\u00bb header_text_color=\u00a0\u00bb#FFFFFF\u00a0\u00bb header_2_font=\u00a0\u00bbArial|700|||||||\u00a0\u00bb background_layout=\u00a0\u00bbdark\u00a0\u00bb width=\u00a0\u00bb34%\u00a0\u00bb width_tablet=\u00a0\u00bb35%\u00a0\u00bb width_phone=\u00a0\u00bb181px\u00a0\u00bb width_last_edited=\u00a0\u00bbon|phone\u00a0\u00bb max_width_tablet=\u00a0\u00bb\u00a0\u00bb max_width_phone=\u00a0\u00bb\u00a0\u00bb max_width_last_edited=\u00a0\u00bbon|tablet\u00a0\u00bb custom_margin=\u00a0\u00bb|||20px|false|false\u00a0\u00bb custom_padding=\u00a0\u00bb5px|||20px|false|false\u00a0\u00bb custom_css_main_element=\u00a0\u00bbbackground-color :#7a2671;\u00a0\u00bb global_colors_info=\u00a0\u00bb{}\u00a0\u00bb]<\/p>\n<h2>Acc\u00e8s et transport<\/h2>\n<p>[\/et_pb_text][et_pb_text _builder_version=\u00a0\u00bb4.11.4&Prime; _module_preset=\u00a0\u00bbdefault\u00a0\u00bb custom_margin=\u00a0\u00bb|||20px|false|false\u00a0\u00bb global_colors_info=\u00a0\u00bb{}\u00a0\u00bb]<\/p>\n<h3>Parking<\/h3>\n<p>Le FIAP Paris ne dispose pas de parking.<\/p>\n<p>Vous pouvez trouver des parkings \u00e0 proximit\u00e9 ainsi que des parkings v\u00e9los (voir la carte).<\/p>\n<p><iframe src=\"https:\/\/www.google.com\/maps\/embed?pb=!1m16!1m12!1m3!1d1432.1067286015243!2d2.337550098316024!3d48.82969105905386!2m3!1f0!2f0!3f0!3m2!1i1024!2i768!4f13.1!2m1!1sParkings!5e0!3m2!1sfr!2sfr!4v1635499035568!5m2!1sfr!2sfr\" width=\"600\" height=\"450\" style=\"border:0;\" allowfullscreen=\"\" loading=\"lazy\"><\/iframe>[\/et_pb_text][et_pb_text _builder_version=\u00a0\u00bb4.11.4&Prime; _module_preset=\u00a0\u00bbdefault\u00a0\u00bb custom_margin=\u00a0\u00bb|||20px|false|false\u00a0\u00bb global_colors_info=\u00a0\u00bb{}\u00a0\u00bb]<\/p>\n<h3>M\u00e9tro<\/h3>\n<p>Ligne 6 &#8211; Station Glaci\u00e8re<\/p>\n<p>[\/et_pb_text][et_pb_text _builder_version=\u00a0\u00bb4.11.4&Prime; _module_preset=\u00a0\u00bbdefault\u00a0\u00bb custom_margin=\u00a0\u00bb|||20px|false|false\u00a0\u00bb global_colors_info=\u00a0\u00bb{}\u00a0\u00bb]<\/p>\n<h3>En avion<\/h3>\n<p>De l&rsquo;<strong>a\u00e9roport Roissy Charles-de-Gaulle<\/strong> par le RER B, direction Place Denfert-Rochereau.<\/p>\n<p>De l&rsquo;<strong>a\u00e9roport d&rsquo;Orly<\/strong> avec le bus Orly Bus, jusqu&rsquo;au terminal Denfert-Rochereau. Le m\u00e9tro le plus proche est Glaci\u00e8re.<\/p>\n<h3>En train<\/h3>\n<p>Depuis <strong>Gare de lyon<\/strong> : Ligne de m\u00e9tro 14 jusqu\u2019\u00e0 Bercy puis ligne 6 jusqu\u2019\u00e0 la station Glaci\u00e8re.<\/p>\n<p>Depuis <strong>Gare Montparnasse<\/strong> : ligne de m\u00e9tro 6 jusqu\u2019\u00e0 la station Glaci\u00e8re.<\/p>\n<p>Depuis <strong>Gare de l\u2019est<\/strong> : Ligne de m\u00e9tro 4 jusqu\u2019\u00e0 Raspail puis ligne 6 jusqu\u2019\u00e0 la station Glaci\u00e8re.<\/p>\n<p>Depuis <strong>Gare du nord<\/strong> : Ligne RER B jusqu\u2019\u00e0 Denfert Rochereau puis ligne de m\u00e9tro 6 jusqu\u2019\u00e0 la station Glaci\u00e8re.<\/p>\n<p>[\/et_pb_text][et_pb_text module_id=\u00a0\u00bbhebergement\u00a0\u00bb _builder_version=\u00a0\u00bb4.11.4&Prime; _module_preset=\u00a0\u00bbdefault\u00a0\u00bb text_font=\u00a0\u00bbGotham narrow bold||||||||\u00a0\u00bb text_text_color=\u00a0\u00bb#FFFFFF\u00a0\u00bb header_font=\u00a0\u00bbGotham narrow bold||||||||\u00a0\u00bb header_text_color=\u00a0\u00bb#FFFFFF\u00a0\u00bb header_2_font=\u00a0\u00bbArial|700|||||||\u00a0\u00bb background_layout=\u00a0\u00bbdark\u00a0\u00bb width=\u00a0\u00bb26%\u00a0\u00bb width_tablet=\u00a0\u00bb27%\u00a0\u00bb width_phone=\u00a0\u00bb200px\u00a0\u00bb width_last_edited=\u00a0\u00bbon|tablet\u00a0\u00bb max_width_tablet=\u00a0\u00bb\u00a0\u00bb max_width_phone=\u00a0\u00bb\u00a0\u00bb max_width_last_edited=\u00a0\u00bbon|tablet\u00a0\u00bb custom_margin=\u00a0\u00bb|||20px|false|false\u00a0\u00bb custom_padding=\u00a0\u00bb5px|||20px|false|false\u00a0\u00bb custom_css_main_element=\u00a0\u00bbbackground-color :#7a2671;\u00a0\u00bb global_colors_info=\u00a0\u00bb{}\u00a0\u00bb]<\/p>\n<h2>H\u00e9bergement<\/h2>\n<p>[\/et_pb_text][et_pb_text _builder_version=\u00a0\u00bb4.14.1&Prime; _module_preset=\u00a0\u00bbdefault\u00a0\u00bb text_font=\u00a0\u00bbArial||||||||\u00a0\u00bb header_font=\u00a0\u00bbGotham narrow book italic||||||||\u00a0\u00bb custom_margin=\u00a0\u00bb|||20px|false|false\u00a0\u00bb custom_padding=\u00a0\u00bb|20px|||false|false\u00a0\u00bb global_colors_info=\u00a0\u00bb{}\u00a0\u00bb]<\/p>\n<p><strong>NB: <\/strong>h\u00f4tel + petit d\u00e9jeuner <strong>r\u00e9serv\u00e9s et r\u00e9gl\u00e9s par la CFDT Cadres<\/strong><\/p>\n<p>[\/et_pb_text][et_pb_gallery gallery_ids=\u00a0\u00bb202&Prime; posts_number=\u00a0\u00bb1&Prime; show_title_and_caption=\u00a0\u00bboff\u00a0\u00bb show_pagination=\u00a0\u00bboff\u00a0\u00bb _builder_version=\u00a0\u00bb4.13.1&Prime; _module_preset=\u00a0\u00bbdefault\u00a0\u00bb custom_margin=\u00a0\u00bb||0px|20px|false|false\u00a0\u00bb custom_margin_tablet=\u00a0\u00bb||0px|20px|false|false\u00a0\u00bb custom_margin_phone=\u00a0\u00bb|20px|0px|20px|false|false\u00a0\u00bb custom_margin_last_edited=\u00a0\u00bbon|phone\u00a0\u00bb custom_padding=\u00a0\u00bb||0px||false|false\u00a0\u00bb global_colors_info=\u00a0\u00bb{}\u00a0\u00bb][\/et_pb_gallery][et_pb_text _builder_version=\u00a0\u00bb4.11.4&Prime; _module_preset=\u00a0\u00bbdefault\u00a0\u00bb custom_margin=\u00a0\u00bb|20px||20px|false|false\u00a0\u00bb global_colors_info=\u00a0\u00bb{}\u00a0\u00bb]<\/p>\n<h3>Le FIAP Paris<\/h3>\n<p>30 Rue Cabanis<br \/>75014 PARIS<br \/>+33 (0)1 43 13 17 00<br \/><a href=\"https:\/\/www.fiap.paris\/\">https:\/\/www.fiap.paris\/<\/a><\/p>\n<p><img decoding=\"async\" class=\"src-domain-geoentity-blocks-GeoentityBlockServiceList__image--33d2O\" src=\"https:\/\/poiassets.mappy.net\/assets\/1\/apps\/accor\/images\/wifi.png\" \/><span class=\"src-domain-geoentity-blocks-GeoentityBlockServiceList__text--3hCq2\">Wi-Fi\u00a0\u00a0\u00a0 <\/span><img decoding=\"async\" class=\"src-domain-geoentity-blocks-GeoentityBlockServiceList__image--33d2O\" src=\"https:\/\/poiassets.mappy.net\/assets\/1\/apps\/accor\/images\/handi.png\" \/><span class=\"src-domain-geoentity-blocks-GeoentityBlockServiceList__text--3hCq2\">Acc\u00e8s handicap\u00e9s<\/span><\/p>\n<p>[\/et_pb_text][et_pb_gallery gallery_ids=\u00a0\u00bb203,204,205&Prime; posts_number=\u00a0\u00bb2&Prime; show_title_and_caption=\u00a0\u00bboff\u00a0\u00bb show_pagination=\u00a0\u00bboff\u00a0\u00bb _builder_version=\u00a0\u00bb4.13.1&Prime; _module_preset=\u00a0\u00bbdefault\u00a0\u00bb custom_margin=\u00a0\u00bb||0px|20px|false|false\u00a0\u00bb custom_margin_tablet=\u00a0\u00bb||0px|20px|false|false\u00a0\u00bb custom_margin_phone=\u00a0\u00bb|20px|0px|20px|false|false\u00a0\u00bb custom_margin_last_edited=\u00a0\u00bbon|phone\u00a0\u00bb custom_padding=\u00a0\u00bb||0px||false|false\u00a0\u00bb global_colors_info=\u00a0\u00bb{}\u00a0\u00bb][\/et_pb_gallery][et_pb_text module_id=\u00a0\u00bbndf\u00a0\u00bb _builder_version=\u00a0\u00bb4.14.1&Prime; _module_preset=\u00a0\u00bbdefault\u00a0\u00bb text_font=\u00a0\u00bbGotham narrow bold||||||||\u00a0\u00bb text_text_color=\u00a0\u00bb#FFFFFF\u00a0\u00bb header_font=\u00a0\u00bbGotham narrow bold||||||||\u00a0\u00bb header_text_color=\u00a0\u00bb#FFFFFF\u00a0\u00bb header_2_font=\u00a0\u00bbArial|700|||||||\u00a0\u00bb background_layout=\u00a0\u00bbdark\u00a0\u00bb width=\u00a0\u00bb53%\u00a0\u00bb width_tablet=\u00a0\u00bb55%\u00a0\u00bb width_phone=\u00a0\u00bb70%\u00a0\u00bb width_last_edited=\u00a0\u00bbon|phone\u00a0\u00bb custom_margin=\u00a0\u00bb|||20px|false|false\u00a0\u00bb custom_padding=\u00a0\u00bb5px|||20px|false|false\u00a0\u00bb custom_css_main_element=\u00a0\u00bbbackground-color :#7a2671;\u00a0\u00bb global_colors_info=\u00a0\u00bb{}\u00a0\u00bb]<\/p>\n<h2>Note de frais du congr\u00e8s<\/h2>\n<p>[\/et_pb_text][et_pb_text _builder_version=\u00a0\u00bb4.14.1&Prime; _module_preset=\u00a0\u00bbdefault\u00a0\u00bb text_font=\u00a0\u00bbArial||||||||\u00a0\u00bb header_font=\u00a0\u00bbGotham narrow book italic||||||||\u00a0\u00bb custom_margin=\u00a0\u00bb|||20px|false|false\u00a0\u00bb custom_padding=\u00a0\u00bb|20px|||false|false\u00a0\u00bb global_colors_info=\u00a0\u00bb{}\u00a0\u00bb]<\/p>\n<p><strong>NB: <\/strong>h\u00f4tel + petit d\u00e9jeuner r\u00e9serv\u00e9s et<strong> r\u00e9gl\u00e9s par la CFDT Cadres<\/strong><\/p>\n<p>[\/et_pb_text][et_pb_toggle title=\u00a0\u00bbT\u00e9l\u00e9charger la note de frais du congr\u00e8s\u00a0\u00bb open_toggle_background_color=\u00a0\u00bb#E7591C\u00a0\u00bb closed_toggle_background_color=\u00a0\u00bb#E7591C\u00a0\u00bb _builder_version=\u00a0\u00bb4.14.1&Prime; _module_preset=\u00a0\u00bbdefault\u00a0\u00bb title_text_color=\u00a0\u00bb#FFFFFF\u00a0\u00bb title_font=\u00a0\u00bbGotham narrow bold||||||||\u00a0\u00bb width=\u00a0\u00bb47%\u00a0\u00bb custom_margin=\u00a0\u00bb|||20px|false|false\u00a0\u00bb custom_padding=\u00a0\u00bb5px||5px||false|false\u00a0\u00bb link_option_url=\u00a0\u00bbhttps:\/\/congrescadres2022.fr\/wp-content\/uploads\/2021\/12\/2022-CFDT-Cadres-Congres-NoteDeFrais.pdf\u00a0\u00bb link_option_url_new_window=\u00a0\u00bbon\u00a0\u00bb global_colors_info=\u00a0\u00bb{}\u00a0\u00bb]<\/p>\n<p><a href=\"http:\/\/congrescadres2022.fr\/reglement-interieur-16e-congres-cfdt-cadres-valide-bn-du-30092021\/\" rel=\"attachment wp-att-222\"><\/a><\/p>\n<p>[\/et_pb_toggle][et_pb_text module_id=\u00a0\u00bbcontact\u00a0\u00bb _builder_version=\u00a0\u00bb4.14.1&Prime; _module_preset=\u00a0\u00bbdefault\u00a0\u00bb text_font=\u00a0\u00bbGotham narrow bold||||||||\u00a0\u00bb text_text_color=\u00a0\u00bb#FFFFFF\u00a0\u00bb header_font=\u00a0\u00bbGotham narrow bold||||||||\u00a0\u00bb header_text_color=\u00a0\u00bb#FFFFFF\u00a0\u00bb header_2_font=\u00a0\u00bbArial|700|||||||\u00a0\u00bb background_layout=\u00a0\u00bbdark\u00a0\u00bb width=\u00a0\u00bb17%\u00a0\u00bb width_tablet=\u00a0\u00bb27%\u00a0\u00bb width_phone=\u00a0\u00bb200px\u00a0\u00bb width_last_edited=\u00a0\u00bbon|tablet\u00a0\u00bb max_width_tablet=\u00a0\u00bb\u00a0\u00bb max_width_phone=\u00a0\u00bb\u00a0\u00bb max_width_last_edited=\u00a0\u00bbon|tablet\u00a0\u00bb custom_margin=\u00a0\u00bb|||20px|false|false\u00a0\u00bb custom_padding=\u00a0\u00bb5px|||20px|false|false\u00a0\u00bb custom_css_main_element=\u00a0\u00bbbackground-color :#7a2671;\u00a0\u00bb global_colors_info=\u00a0\u00bb{}\u00a0\u00bb]<\/p>\n<h2>Contact<\/h2>\n<p>[\/et_pb_text][et_pb_text _builder_version=\u00a0\u00bb4.13.1&Prime; _module_preset=\u00a0\u00bbdefault\u00a0\u00bb custom_margin=\u00a0\u00bb|||20px|false|false\u00a0\u00bb global_colors_info=\u00a0\u00bb{}\u00a0\u00bb]<\/p>\n<h3><em>Vous pouvez nous contacter \u00e0 :<\/em><\/h3>\n<p><em>47-49, avenue Simon-Bolivar, 75950 PARIS CEDEX 19<br \/>T\u00e9l : +33 (0) 1 56 41 55 00 \/ Mail : <a href=\"mailto:contact@cadres.cfdt.fr\">contact@cadres.cfdt.fr<\/a><br \/><\/em><\/p>\n<p>[\/et_pb_text][et_pb_text _builder_version=\u00a0\u00bb4.13.1&Prime; _module_preset=\u00a0\u00bbdefault\u00a0\u00bb custom_margin=\u00a0\u00bb|||20px|false|false\u00a0\u00bb global_colors_info=\u00a0\u00bb{}\u00a0\u00bb]<\/p>\n<h3><em>Ou utiliser le formulaire de contact<br \/><\/em><\/h3>\n<p>[\/et_pb_text][et_pb_code raw_content_tablet=\u00a0\u00bb\u00a0\u00bb raw_content_phone=\u00a0\u00bb<iframe id=%22MRxaxK7OKhU7YD5%22 name=%22MRxaxK7OKhU7YD5%22 frameborder=%220%22 border=%220%22 src=%22https:\/\/public.message-business.com\/form\/54193\/1239\/form.aspx%22 style=%22width:100%;height:800px;%22><\/iframe><script src=%22https:\/\/public.message-business.com\/javascript\/getParameterByName.min.js%22><\/script><script>var mbUserId = getParameterByName(%22MBID%22); var mbElement=document.getElementById(%22MRxaxK7OKhU7YD5%22); if(typeof mbElement !=%22undefined%22 && mbElement!=null){if(mbUserId==null || mbUserId==%22%22) mbElement.src=%22https:\/\/public.message-business.com\/form\/54193\/1239\/form.aspx%22; else mbElement.src=%22https:\/\/public.message-business.com\/form\/54193\/1239\/%22+mbUserId +%22\/form.aspx%22;}<\/script>\u00a0\u00bb raw_content_last_edited=\u00a0\u00bbon|phone\u00a0\u00bb _builder_version=\u00a0\u00bb4.13.1&Prime; _module_preset=\u00a0\u00bbdefault\u00a0\u00bb global_colors_info=\u00a0\u00bb{}\u00a0\u00bb]<iframe id=\"MRxaxK7OKhU7YD5\" name=\"MRxaxK7OKhU7YD5\" frameborder=\"0\" border=\"0\" src=\"https:\/\/public.message-business.com\/form\/54193\/1239\/form.aspx\" style=\"width:100%;height:700px;\"><\/iframe><script src=\"https:\/\/public.message-business.com\/javascript\/getParameterByName.min.js\"><\/script><script>var mbUserId = getParameterByName(\"MBID\"); var mbElement=document.getElementById(\"MRxaxK7OKhU7YD5\"); if(typeof mbElement !=\"undefined\" && mbElement!=null){if(mbUserId==null || mbUserId==\"\") mbElement.src=\"https:\/\/public.message-business.com\/form\/54193\/1239\/form.aspx\"; else mbElement.src=\"https:\/\/public.message-business.com\/form\/54193\/1239\/\"+mbUserId +\"\/form.aspx\";}<\/script>[\/et_pb_code][\/et_pb_column][\/et_pb_row][\/et_pb_section]<\/p>\n","protected":false},"excerpt":{"rendered":"<p>Ordre du jour congr\u00e8s R\u00e8glement int\u00e9rieur Lieu Acc\u00e8s et transport H\u00e9bergement Note de frais Contact Infos pratiquesLe pass sanitaire est obligatoire \u00e0 l&rsquo;int\u00e9rieur du FIAP.Ordre du jour du congr\u00e8sL&rsquo;ordre du jour d\u00e9finitif du 16e Congr\u00e8s de la CFDT Cadres a \u00e9t\u00e9 adopt\u00e9 par le Bureau national de la CFDT Cadreslors de sa session des 2 [&hellip;]<\/p>\n","protected":false},"author":1,"featured_media":0,"parent":0,"menu_order":0,"comment_status":"closed","ping_status":"closed","template":"","meta":{"_et_pb_use_builder":"on","_et_pb_old_content":"","_et_gb_content_width":"","footnotes":""},"class_list":["post-98","page","type-page","status-publish","hentry"],"_links":{"self":[{"href":"https:\/\/congrescadrescfdt.fr\/index.php\/wp-json\/wp\/v2\/pages\/98","targetHints":{"allow":["GET"]}}],"collection":[{"href":"https:\/\/congrescadrescfdt.fr\/index.php\/wp-json\/wp\/v2\/pages"}],"about":[{"href":"https:\/\/congrescadrescfdt.fr\/index.php\/wp-json\/wp\/v2\/types\/page"}],"author":[{"embeddable":true,"href":"https:\/\/congrescadrescfdt.fr\/index.php\/wp-json\/wp\/v2\/users\/1"}],"replies":[{"embeddable":true,"href":"https:\/\/congrescadrescfdt.fr\/index.php\/wp-json\/wp\/v2\/comments?post=98"}],"version-history":[{"count":0,"href":"https:\/\/congrescadrescfdt.fr\/index.php\/wp-json\/wp\/v2\/pages\/98\/revisions"}],"wp:attachment":[{"href":"https:\/\/congrescadrescfdt.fr\/index.php\/wp-json\/wp\/v2\/media?parent=98"}],"curies":[{"name":"wp","href":"https:\/\/api.w.org\/{rel}","templated":true}]}}